{"id":264,"date":"2023-11-06T08:54:30","date_gmt":"2023-11-06T06:54:30","guid":{"rendered":"https:\/\/vorasnoskoterklubb.fi\/yhdistys\/"},"modified":"2023-11-25T15:24:40","modified_gmt":"2023-11-25T13:24:40","slug":"yhdistys","status":"publish","type":"page","link":"https:\/\/vorasnoskoterklubb.fi\/fi\/yhdistys\/","title":{"rendered":"Yhdistys"},"content":{"rendered":"<div class=\"wpb-content-wrapper\"><p>[vc_row][vc_column width=&#8221;1\/1&#8243;][vc_column_text uncode_shortcode_id=&#8221;477092&#8243;]<\/p>\n<div class=\"vc_custom_heading_wrap \">\n<div class=\"heading-text el-text\">\n<h3 class=\"h1\">Kuka on V\u00f6yri moottorikelkkakerho ry<\/h3>\n<\/div>\n<\/div>\n<div class=\"uncode_text_column text-lead\">\n<p>Yhdistys V\u00f6yri moottorikelkkakerho ry perustettiin vuonna 2022 tarkoituksena ker\u00e4t\u00e4 kuljettajia ja tietoa kaikesta moottorikelkoihin liittyv\u00e4st\u00e4. T\u00e4\u00e4lt\u00e4 l\u00f6yd\u00e4t tietoa reiteist\u00e4, kilpailuista, lisensseist\u00e4 jne.<\/p>\n<\/div>\n<p>[\/vc_column_text][\/vc_column][\/vc_row][vc_row][vc_column column_width_use_pixel=&#8221;yes&#8221; position_vertical=&#8221;middle&#8221; align_horizontal=&#8221;align_center&#8221; gutter_size=&#8221;3&#8243; overlay_alpha=&#8221;50&#8243; shift_x=&#8221;0&#8243; shift_y=&#8221;0&#8243; shift_y_down=&#8221;0&#8243; z_index=&#8221;0&#8243; medium_width=&#8221;0&#8243; mobile_width=&#8221;0&#8243; width=&#8221;1\/1&#8243;][vc_row_inner limit_content=&#8221;&#8221;][vc_column_inner width=&#8221;1\/1&#8243;][vc_custom_heading uncode_shortcode_id=&#8221;143475&#8243;]Hallitus[\/vc_custom_heading][\/vc_column_inner][\/vc_row_inner][vc_row_inner row_inner_height_percent=&#8221;0&#8243; overlay_alpha=&#8221;100&#8243; gutter_size=&#8221;4&#8243; shift_y=&#8221;0&#8243; z_index=&#8221;0&#8243; limit_content=&#8221;&#8221;][vc_column_inner column_width_percent=&#8221;100&#8243; gutter_size=&#8221;3&#8243; overlay_alpha=&#8221;100&#8243; shift_x=&#8221;0&#8243; shift_y=&#8221;0&#8243; z_index=&#8221;0&#8243; medium_width=&#8221;2&#8243; align_mobile=&#8221;align_center_mobile&#8221; mobile_width=&#8221;0&#8243; zoom_width=&#8221;0&#8243; zoom_height=&#8221;0&#8243; width=&#8221;1\/4&#8243;][vc_custom_heading heading_semantic=&#8221;h3&#8243; text_size=&#8221;h4&#8243; sub_reduced=&#8221;yes&#8221; subheading=&#8221;Kenth Holmberg&#8221; uncode_shortcode_id=&#8221;927758&#8243;]Hallituksen puheenjohtaja[\/vc_custom_heading][\/vc_column_inner][vc_column_inner column_width_percent=&#8221;100&#8243; gutter_size=&#8221;3&#8243; overlay_alpha=&#8221;100&#8243; shift_x=&#8221;0&#8243; shift_y=&#8221;0&#8243; z_index=&#8221;0&#8243; medium_width=&#8221;2&#8243; align_mobile=&#8221;align_center_mobile&#8221; mobile_width=&#8221;0&#8243; zoom_width=&#8221;0&#8243; zoom_height=&#8221;0&#8243; width=&#8221;1\/4&#8243;][vc_custom_heading heading_semantic=&#8221;h3&#8243; text_size=&#8221;h4&#8243; sub_reduced=&#8221;yes&#8221; subheading=&#8221;Kennet Hedstr\u00f6m&#8221; uncode_shortcode_id=&#8221;116134&#8243;]Hallituksen j\u00e4sen[\/vc_custom_heading][\/vc_column_inner][vc_column_inner column_width_percent=&#8221;100&#8243; gutter_size=&#8221;3&#8243; overlay_alpha=&#8221;100&#8243; shift_x=&#8221;0&#8243; shift_y=&#8221;0&#8243; z_index=&#8221;0&#8243; medium_width=&#8221;2&#8243; align_mobile=&#8221;align_center_mobile&#8221; mobile_width=&#8221;0&#8243; zoom_width=&#8221;0&#8243; zoom_height=&#8221;0&#8243; width=&#8221;1\/4&#8243;][vc_custom_heading heading_semantic=&#8221;h3&#8243; text_size=&#8221;h4&#8243; sub_reduced=&#8221;yes&#8221; subheading=&#8221;Dennis Jakobsson&#8221; uncode_shortcode_id=&#8221;119873&#8243;]Hallituksen j\u00e4sen[\/vc_custom_heading][\/vc_column_inner][vc_column_inner column_width_percent=&#8221;100&#8243; gutter_size=&#8221;3&#8243; overlay_alpha=&#8221;50&#8243; shift_x=&#8221;0&#8243; shift_y=&#8221;0&#8243; z_index=&#8221;0&#8243; medium_width=&#8221;2&#8243; align_mobile=&#8221;align_center_mobile&#8221; mobile_width=&#8221;0&#8243; width=&#8221;1\/4&#8243;][vc_custom_heading heading_semantic=&#8221;h3&#8243; text_size=&#8221;h4&#8243; sub_reduced=&#8221;yes&#8221; subheading=&#8221;Annika Kulla&#8221; uncode_shortcode_id=&#8221;157727&#8243;]Hallituksen j\u00e4sen[\/vc_custom_heading][\/vc_column_inner][\/vc_row_inner][vc_row_inner row_inner_height_percent=&#8221;0&#8243; overlay_alpha=&#8221;100&#8243; gutter_size=&#8221;4&#8243; shift_y=&#8221;0&#8243; z_index=&#8221;0&#8243; limit_content=&#8221;&#8221;][vc_column_inner column_width_percent=&#8221;100&#8243; gutter_size=&#8221;3&#8243; overlay_alpha=&#8221;100&#8243; shift_x=&#8221;0&#8243; shift_y=&#8221;0&#8243; z_index=&#8221;0&#8243; medium_width=&#8221;2&#8243; align_mobile=&#8221;align_center_mobile&#8221; mobile_width=&#8221;0&#8243; zoom_width=&#8221;0&#8243; zoom_height=&#8221;0&#8243; width=&#8221;1\/4&#8243;][vc_custom_heading heading_semantic=&#8221;h3&#8243; text_size=&#8221;h4&#8243; sub_reduced=&#8221;yes&#8221; subheading=&#8221;Joakim Kullas&#8221; uncode_shortcode_id=&#8221;139666&#8243;]Hallituksen j\u00e4sen[\/vc_custom_heading][\/vc_column_inner][vc_column_inner column_width_percent=&#8221;100&#8243; gutter_size=&#8221;3&#8243; overlay_alpha=&#8221;100&#8243; shift_x=&#8221;0&#8243; shift_y=&#8221;0&#8243; z_index=&#8221;0&#8243; medium_width=&#8221;2&#8243; align_mobile=&#8221;align_center_mobile&#8221; mobile_width=&#8221;0&#8243; zoom_width=&#8221;0&#8243; zoom_height=&#8221;0&#8243; width=&#8221;1\/4&#8243;][vc_custom_heading heading_semantic=&#8221;h3&#8243; text_size=&#8221;h4&#8243; sub_reduced=&#8221;yes&#8221; subheading=&#8221;Sebastian Lindgren&#8221; uncode_shortcode_id=&#8221;575591&#8243;]Hallituksen j\u00e4sen[\/vc_custom_heading][\/vc_column_inner][vc_column_inner column_width_percent=&#8221;100&#8243; gutter_size=&#8221;3&#8243; overlay_alpha=&#8221;100&#8243; shift_x=&#8221;0&#8243; shift_y=&#8221;0&#8243; z_index=&#8221;0&#8243; medium_width=&#8221;2&#8243; align_mobile=&#8221;align_center_mobile&#8221; mobile_width=&#8221;0&#8243; zoom_width=&#8221;0&#8243; zoom_height=&#8221;0&#8243; width=&#8221;1\/4&#8243;][vc_custom_heading heading_semantic=&#8221;h3&#8243; text_size=&#8221;h4&#8243; sub_reduced=&#8221;yes&#8221; subheading=&#8221;Fredrik Norrlin&#8221; uncode_shortcode_id=&#8221;207903&#8243;]Hallituksen j\u00e4sen[\/vc_custom_heading][\/vc_column_inner][vc_column_inner column_width_percent=&#8221;100&#8243; gutter_size=&#8221;3&#8243; overlay_alpha=&#8221;50&#8243; shift_x=&#8221;0&#8243; shift_y=&#8221;0&#8243; z_index=&#8221;0&#8243; medium_width=&#8221;2&#8243; align_mobile=&#8221;align_center_mobile&#8221; mobile_width=&#8221;0&#8243; width=&#8221;1\/4&#8243;][vc_custom_heading heading_semantic=&#8221;h3&#8243; text_size=&#8221;h4&#8243; sub_reduced=&#8221;yes&#8221; subheading=&#8221;Patrik \u00d6rn&#8221; uncode_shortcode_id=&#8221;195952&#8243;]Hallituksen j\u00e4sen[\/vc_custom_heading][\/vc_column_inner][\/vc_row_inner][vc_row_inner row_inner_height_percent=&#8221;0&#8243; overlay_alpha=&#8221;100&#8243; gutter_size=&#8221;4&#8243; shift_y=&#8221;0&#8243; z_index=&#8221;0&#8243; limit_content=&#8221;&#8221;][vc_column_inner column_width_percent=&#8221;100&#8243; gutter_size=&#8221;3&#8243; overlay_alpha=&#8221;100&#8243; shift_x=&#8221;0&#8243; shift_y=&#8221;0&#8243; z_index=&#8221;0&#8243; medium_width=&#8221;2&#8243; align_mobile=&#8221;align_center_mobile&#8221; mobile_width=&#8221;0&#8243; zoom_width=&#8221;0&#8243; zoom_height=&#8221;0&#8243; width=&#8221;1\/4&#8243;][vc_custom_heading heading_semantic=&#8221;h3&#8243; text_size=&#8221;h4&#8243; sub_reduced=&#8221;yes&#8221; subheading=&#8221;Fredrik P\u00e5fs&#8221; uncode_shortcode_id=&#8221;201581&#8243;]Hallituksen j\u00e4sen[\/vc_custom_heading][\/vc_column_inner][vc_column_inner column_width_percent=&#8221;100&#8243; gutter_size=&#8221;3&#8243; overlay_alpha=&#8221;100&#8243; shift_x=&#8221;0&#8243; shift_y=&#8221;0&#8243; z_index=&#8221;0&#8243; medium_width=&#8221;2&#8243; align_mobile=&#8221;align_center_mobile&#8221; mobile_width=&#8221;0&#8243; zoom_width=&#8221;0&#8243; zoom_height=&#8221;0&#8243; width=&#8221;1\/4&#8243;][vc_custom_heading heading_semantic=&#8221;h3&#8243; text_size=&#8221;h4&#8243; sub_reduced=&#8221;yes&#8221; subheading=&#8221;Martin Kock&#8221; uncode_shortcode_id=&#8221;194156&#8243;]Kilpailun j\u00e4rjest\u00e4j\u00e4[\/vc_custom_heading][\/vc_column_inner][vc_column_inner column_width_percent=&#8221;100&#8243; gutter_size=&#8221;3&#8243; overlay_alpha=&#8221;100&#8243; shift_x=&#8221;0&#8243; shift_y=&#8221;0&#8243; z_index=&#8221;0&#8243; medium_width=&#8221;2&#8243; align_mobile=&#8221;align_center_mobile&#8221; mobile_width=&#8221;0&#8243; zoom_width=&#8221;0&#8243; zoom_height=&#8221;0&#8243; width=&#8221;1\/4&#8243;][\/vc_column_inner][vc_column_inner column_width_percent=&#8221;100&#8243; gutter_size=&#8221;3&#8243; overlay_alpha=&#8221;50&#8243; shift_x=&#8221;0&#8243; shift_y=&#8221;0&#8243; z_index=&#8221;0&#8243; medium_width=&#8221;2&#8243; align_mobile=&#8221;align_center_mobile&#8221; mobile_width=&#8221;0&#8243; width=&#8221;1\/4&#8243;][\/vc_column_inner][\/vc_row_inner][\/vc_column][\/vc_row]<\/p>\n<\/div>","protected":false},"excerpt":{"rendered":"<p>[vc_row][vc_column width=&#8221;1\/1&#8243;][vc_column_text uncode_shortcode_id=&#8221;477092&#8243;] Kuka on V\u00f6yri moottorikelkkakerho ry Yhdistys V\u00f6yri moottorikelkkakerho ry perustettiin vuonna 2022 tarkoituksena ker\u00e4t\u00e4 kuljettajia ja tietoa [&hellip;]<\/p>\n","protected":false},"author":1,"featured_media":0,"parent":0,"menu_order":0,"comment_status":"closed","ping_status":"closed","template":"","meta":{"footnotes":""},"class_list":["post-264","page","type-page","status-publish","hentry"],"yoast_head":"<!-- This site is optimized with the Yoast SEO plugin v27.3 - https:\/\/yoast.com\/product\/yoast-seo-wordpress\/ -->\n<title>Yhdistys - V\u00f6r\u00e5 sn\u00f6skoterklubb rf<\/title>\n<meta name=\"robots\" content=\"index, follow, max-snippet:-1, max-image-preview:large, max-video-preview:-1\" \/>\n<link rel=\"canonical\" href=\"https:\/\/vorasnoskoterklubb.fi\/fi\/yhdistys\/\" \/>\n<meta property=\"og:locale\" content=\"fi_FI\" \/>\n<meta property=\"og:type\" content=\"article\" \/>\n<meta property=\"og:title\" content=\"Yhdistys - V\u00f6r\u00e5 sn\u00f6skoterklubb rf\" \/>\n<meta property=\"og:description\" content=\"[vc_row][vc_column width=&#8221;1\/1&#8243;][vc_column_text uncode_shortcode_id=&#8221;477092&#8243;] Kuka on V\u00f6yri moottorikelkkakerho ry Yhdistys V\u00f6yri moottorikelkkakerho ry perustettiin vuonna 2022 tarkoituksena ker\u00e4t\u00e4 kuljettajia ja tietoa [&hellip;]\" \/>\n<meta property=\"og:url\" content=\"https:\/\/vorasnoskoterklubb.fi\/fi\/yhdistys\/\" \/>\n<meta property=\"og:site_name\" content=\"V\u00f6r\u00e5 sn\u00f6skoterklubb rf\" \/>\n<meta property=\"article:modified_time\" content=\"2023-11-25T13:24:40+00:00\" \/>\n<meta name=\"twitter:card\" content=\"summary_large_image\" \/>\n<meta name=\"twitter:label1\" content=\"Arvioitu lukuaika\" \/>\n\t<meta name=\"twitter:data1\" content=\"4 minuuttia\" \/>\n<script type=\"application\/ld+json\" class=\"yoast-schema-graph\">{\"@context\":\"https:\\\/\\\/schema.org\",\"@graph\":[{\"@type\":\"WebPage\",\"@id\":\"https:\\\/\\\/vorasnoskoterklubb.fi\\\/fi\\\/yhdistys\\\/\",\"url\":\"https:\\\/\\\/vorasnoskoterklubb.fi\\\/fi\\\/yhdistys\\\/\",\"name\":\"Yhdistys - V\u00f6r\u00e5 sn\u00f6skoterklubb rf\",\"isPartOf\":{\"@id\":\"https:\\\/\\\/vorasnoskoterklubb.fi\\\/fi\\\/#website\"},\"datePublished\":\"2023-11-06T06:54:30+00:00\",\"dateModified\":\"2023-11-25T13:24:40+00:00\",\"breadcrumb\":{\"@id\":\"https:\\\/\\\/vorasnoskoterklubb.fi\\\/fi\\\/yhdistys\\\/#breadcrumb\"},\"inLanguage\":\"fi\",\"potentialAction\":[{\"@type\":\"ReadAction\",\"target\":[\"https:\\\/\\\/vorasnoskoterklubb.fi\\\/fi\\\/yhdistys\\\/\"]}]},{\"@type\":\"BreadcrumbList\",\"@id\":\"https:\\\/\\\/vorasnoskoterklubb.fi\\\/fi\\\/yhdistys\\\/#breadcrumb\",\"itemListElement\":[{\"@type\":\"ListItem\",\"position\":1,\"name\":\"Hem\",\"item\":\"https:\\\/\\\/vorasnoskoterklubb.fi\\\/fi\\\/\"},{\"@type\":\"ListItem\",\"position\":2,\"name\":\"Yhdistys\"}]},{\"@type\":\"WebSite\",\"@id\":\"https:\\\/\\\/vorasnoskoterklubb.fi\\\/fi\\\/#website\",\"url\":\"https:\\\/\\\/vorasnoskoterklubb.fi\\\/fi\\\/\",\"name\":\"V\u00f6r\u00e5 sn\u00f6skoterklubb rf\",\"description\":\"\",\"publisher\":{\"@id\":\"https:\\\/\\\/vorasnoskoterklubb.fi\\\/fi\\\/#organization\"},\"potentialAction\":[{\"@type\":\"SearchAction\",\"target\":{\"@type\":\"EntryPoint\",\"urlTemplate\":\"https:\\\/\\\/vorasnoskoterklubb.fi\\\/fi\\\/?s={search_term_string}\"},\"query-input\":{\"@type\":\"PropertyValueSpecification\",\"valueRequired\":true,\"valueName\":\"search_term_string\"}}],\"inLanguage\":\"fi\"},{\"@type\":\"Organization\",\"@id\":\"https:\\\/\\\/vorasnoskoterklubb.fi\\\/fi\\\/#organization\",\"name\":\"V\u00f6r\u00e5 sn\u00f6skoterklubb rf\",\"url\":\"https:\\\/\\\/vorasnoskoterklubb.fi\\\/fi\\\/\",\"logo\":{\"@type\":\"ImageObject\",\"inLanguage\":\"fi\",\"@id\":\"https:\\\/\\\/vorasnoskoterklubb.fi\\\/fi\\\/#\\\/schema\\\/logo\\\/image\\\/\",\"url\":\"https:\\\/\\\/vorasnoskoterklubb.fi\\\/wp-content\\\/uploads\\\/2023\\\/11\\\/logo-with-title.png\",\"contentUrl\":\"https:\\\/\\\/vorasnoskoterklubb.fi\\\/wp-content\\\/uploads\\\/2023\\\/11\\\/logo-with-title.png\",\"width\":6351,\"height\":481,\"caption\":\"V\u00f6r\u00e5 sn\u00f6skoterklubb rf\"},\"image\":{\"@id\":\"https:\\\/\\\/vorasnoskoterklubb.fi\\\/fi\\\/#\\\/schema\\\/logo\\\/image\\\/\"}}]}<\/script>\n<!-- \/ Yoast SEO plugin. -->","yoast_head_json":{"title":"Yhdistys - V\u00f6r\u00e5 sn\u00f6skoterklubb rf","robots":{"index":"index","follow":"follow","max-snippet":"max-snippet:-1","max-image-preview":"max-image-preview:large","max-video-preview":"max-video-preview:-1"},"canonical":"https:\/\/vorasnoskoterklubb.fi\/fi\/yhdistys\/","og_locale":"fi_FI","og_type":"article","og_title":"Yhdistys - V\u00f6r\u00e5 sn\u00f6skoterklubb rf","og_description":"[vc_row][vc_column width=&#8221;1\/1&#8243;][vc_column_text uncode_shortcode_id=&#8221;477092&#8243;] Kuka on V\u00f6yri moottorikelkkakerho ry Yhdistys V\u00f6yri moottorikelkkakerho ry perustettiin vuonna 2022 tarkoituksena ker\u00e4t\u00e4 kuljettajia ja tietoa [&hellip;]","og_url":"https:\/\/vorasnoskoterklubb.fi\/fi\/yhdistys\/","og_site_name":"V\u00f6r\u00e5 sn\u00f6skoterklubb rf","article_modified_time":"2023-11-25T13:24:40+00:00","twitter_card":"summary_large_image","twitter_misc":{"Arvioitu lukuaika":"4 minuuttia"},"schema":{"@context":"https:\/\/schema.org","@graph":[{"@type":"WebPage","@id":"https:\/\/vorasnoskoterklubb.fi\/fi\/yhdistys\/","url":"https:\/\/vorasnoskoterklubb.fi\/fi\/yhdistys\/","name":"Yhdistys - V\u00f6r\u00e5 sn\u00f6skoterklubb rf","isPartOf":{"@id":"https:\/\/vorasnoskoterklubb.fi\/fi\/#website"},"datePublished":"2023-11-06T06:54:30+00:00","dateModified":"2023-11-25T13:24:40+00:00","breadcrumb":{"@id":"https:\/\/vorasnoskoterklubb.fi\/fi\/yhdistys\/#breadcrumb"},"inLanguage":"fi","potentialAction":[{"@type":"ReadAction","target":["https:\/\/vorasnoskoterklubb.fi\/fi\/yhdistys\/"]}]},{"@type":"BreadcrumbList","@id":"https:\/\/vorasnoskoterklubb.fi\/fi\/yhdistys\/#breadcrumb","itemListElement":[{"@type":"ListItem","position":1,"name":"Hem","item":"https:\/\/vorasnoskoterklubb.fi\/fi\/"},{"@type":"ListItem","position":2,"name":"Yhdistys"}]},{"@type":"WebSite","@id":"https:\/\/vorasnoskoterklubb.fi\/fi\/#website","url":"https:\/\/vorasnoskoterklubb.fi\/fi\/","name":"V\u00f6r\u00e5 sn\u00f6skoterklubb rf","description":"","publisher":{"@id":"https:\/\/vorasnoskoterklubb.fi\/fi\/#organization"},"potentialAction":[{"@type":"SearchAction","target":{"@type":"EntryPoint","urlTemplate":"https:\/\/vorasnoskoterklubb.fi\/fi\/?s={search_term_string}"},"query-input":{"@type":"PropertyValueSpecification","valueRequired":true,"valueName":"search_term_string"}}],"inLanguage":"fi"},{"@type":"Organization","@id":"https:\/\/vorasnoskoterklubb.fi\/fi\/#organization","name":"V\u00f6r\u00e5 sn\u00f6skoterklubb rf","url":"https:\/\/vorasnoskoterklubb.fi\/fi\/","logo":{"@type":"ImageObject","inLanguage":"fi","@id":"https:\/\/vorasnoskoterklubb.fi\/fi\/#\/schema\/logo\/image\/","url":"https:\/\/vorasnoskoterklubb.fi\/wp-content\/uploads\/2023\/11\/logo-with-title.png","contentUrl":"https:\/\/vorasnoskoterklubb.fi\/wp-content\/uploads\/2023\/11\/logo-with-title.png","width":6351,"height":481,"caption":"V\u00f6r\u00e5 sn\u00f6skoterklubb rf"},"image":{"@id":"https:\/\/vorasnoskoterklubb.fi\/fi\/#\/schema\/logo\/image\/"}}]}},"_links":{"self":[{"href":"https:\/\/vorasnoskoterklubb.fi\/fi\/wp-json\/wp\/v2\/pages\/264","targetHints":{"allow":["GET"]}}],"collection":[{"href":"https:\/\/vorasnoskoterklubb.fi\/fi\/wp-json\/wp\/v2\/pages"}],"about":[{"href":"https:\/\/vorasnoskoterklubb.fi\/fi\/wp-json\/wp\/v2\/types\/page"}],"author":[{"embeddable":true,"href":"https:\/\/vorasnoskoterklubb.fi\/fi\/wp-json\/wp\/v2\/users\/1"}],"replies":[{"embeddable":true,"href":"https:\/\/vorasnoskoterklubb.fi\/fi\/wp-json\/wp\/v2\/comments?post=264"}],"version-history":[{"count":7,"href":"https:\/\/vorasnoskoterklubb.fi\/fi\/wp-json\/wp\/v2\/pages\/264\/revisions"}],"predecessor-version":[{"id":358,"href":"https:\/\/vorasnoskoterklubb.fi\/fi\/wp-json\/wp\/v2\/pages\/264\/revisions\/358"}],"wp:attachment":[{"href":"https:\/\/vorasnoskoterklubb.fi\/fi\/wp-json\/wp\/v2\/media?parent=264"}],"curies":[{"name":"wp","href":"https:\/\/api.w.org\/{rel}","templated":true}]}}